{"id":29311,"date":"1988-12-01T10:18:06","date_gmt":"1988-12-01T10:18:06","guid":{"rendered":"http:\/\/camera-austria.at\/shop\/28-1988-2\/"},"modified":"1988-12-01T10:18:06","modified_gmt":"1988-12-01T10:18:06","slug":"28-1988","status":"publish","type":"product","link":"https:\/\/camera-austria.at\/en\/product\/28-1988\/","title":{"rendered":"28 | 1988"},"content":{"rendered":"","protected":false},"excerpt":{"rendered":"<p>CHRISTIAN FLECK<br \/>\nSteirische Industriewelt<\/p>\n<p>EISENERZ<br \/>\nMichael Schmidt, Ingrid Roschen, Monika Fuchs, Karl Redschitzegger, Heinz Roschen, Erich Riedler, Helmut Brandtner, Erich Schuh<\/p>\n<p>JUDENBURG<br \/>\nWilmar Koenig, Karl Cebul, Reinhold Kainbrecht, Rudolf Guse, Traugott Hofer<\/p>\n<p>KAPFENBERG<br \/>\nSeiichi Furuya, Barbara Koren, Manfred Ofner jr., Helmut Schweiger, Michael Heimerl<\/p>\n<p>KINDBERG<br \/>\nGosbert Adler, Friedrich Damberger, Johann Lackner, Franz Mock, Karl Pichler<\/p>\n<p>K\u00d6FLACH<br \/>\nHeinz Cibulka, Johanna Koren, Ruth Ulcar, Willibald Kutschi, Armin Egger, Carolin Zech, Robert Cescutti, Gerhard Pelko<\/p>\n<p>LEOBEN<br \/>\nManfred Willmann, Leo Stocker, Franz Gigerl, Karl Pierer, Hermann Maier, Teddy Wildbichler, Peter Lahovnik<\/p>\n<p>M\u00dcRZZUSCHLAG<br \/>\nChristian Wachter, Wilhelm Eberle \/ Silvia Springer, Gerhard Pfusterschmied<\/p>\n<p>VORDERNBERG<br \/>\nUrsula W\u00fcst, Hans J\u00f6rg Bernhart, Johann Weigl, Dieter Sporer, Luise R\u00fcter<\/p>\n<p>WEIZ<br \/>\nRichard Kratochwill, Hermann Candussi, Albin Schrey, Josef Derler, Anton Konrad, Lotte Guttmann, Walter Supper, Franz Hausleitner, Franz Sattler<\/p>\n<p>&nbsp;<\/p>\n","protected":false},"featured_media":27525,"comment_status":"closed","ping_status":"closed","template":"","meta":{"_acf_changed":false},"product_brand":[],"product_cat":[51],"product_tag":[],"class_list":{"0":"post-29311","1":"product","2":"type-product","3":"status-publish","4":"has-post-thumbnail","6":"product_cat-magazine","8":"first","9":"instock","10":"taxable","11":"shipping-taxable","12":"purchasable","13":"product-type-simple"},"acf":[],"yoast_head":"<!-- This site is optimized with the Yoast SEO plugin v27.4 - https:\/\/yoast.com\/product\/yoast-seo-wordpress\/ -->\n<title>28 | 1988 - Camera Austria<\/title>\n<meta name=\"robots\" content=\"index, follow, max-snippet:-1, max-image-preview:large, max-video-preview:-1\" \/>\n<link rel=\"canonical\" href=\"https:\/\/camera-austria.at\/en\/product\/28-1988\/\" \/>\n<meta property=\"og:locale\" content=\"en_US\" \/>\n<meta property=\"og:type\" content=\"article\" \/>\n<meta property=\"og:title\" content=\"28 | 1988 - Camera Austria\" \/>\n<meta property=\"og:description\" content=\"CHRISTIAN FLECK Steirische Industriewelt  EISENERZ Michael Schmidt, Ingrid Roschen, Monika Fuchs, Karl Redschitzegger, Heinz Roschen, Erich Riedler, Helmut Brandtner, Erich Schuh  JUDENBURG Wilmar Koenig, Karl Cebul, Reinhold Kainbrecht, Rudolf Guse, Traugott Hofer  KAPFENBERG Seiichi Furuya, Barbara Koren, Manfred Ofner jr., Helmut Schweiger, Michael Heimerl  KINDBERG Gosbert Adler, Friedrich Damberger, Johann Lackner, Franz Mock, Karl Pichler  K\u00d6FLACH Heinz Cibulka, Johanna Koren, Ruth Ulcar, Willibald Kutschi, Armin Egger, Carolin Zech, Robert Cescutti, Gerhard Pelko  LEOBEN Manfred Willmann, Leo Stocker, Franz Gigerl, Karl Pierer, Hermann Maier, Teddy Wildbichler, Peter Lahovnik  M\u00dcRZZUSCHLAG Christian Wachter, Wilhelm Eberle \/ Silvia Springer, Gerhard Pfusterschmied  VORDERNBERG Ursula W\u00fcst, Hans J\u00f6rg Bernhart, Johann Weigl, Dieter Sporer, Luise R\u00fcter  WEIZ Richard Kratochwill, Hermann Candussi, Albin Schrey, Josef Derler, Anton Konrad, Lotte Guttmann, Walter Supper, Franz Hausleitner, Franz Sattler  &nbsp;\" \/>\n<meta property=\"og:url\" content=\"https:\/\/camera-austria.at\/en\/product\/28-1988\/\" \/>\n<meta property=\"og:site_name\" content=\"Camera Austria\" \/>\n<meta property=\"article:publisher\" content=\"https:\/\/www.facebook.com\/Camera.Austria\" \/>\n<meta property=\"og:image\" content=\"https:\/\/camera-austria.at\/wp-content\/uploads\/1988\/12\/ca_zeitschrift_cover_28.jpg\" \/>\n\t<meta property=\"og:image:width\" content=\"345\" \/>\n\t<meta property=\"og:image:height\" content=\"491\" \/>\n\t<meta property=\"og:image:type\" content=\"image\/jpeg\" \/>\n<meta name=\"twitter:card\" content=\"summary_large_image\" \/>\n<script type=\"application\/ld+json\" class=\"yoast-schema-graph\">{\"@context\":\"https:\\\/\\\/schema.org\",\"@graph\":[{\"@type\":\"WebPage\",\"@id\":\"https:\\\/\\\/camera-austria.at\\\/en\\\/product\\\/28-1988\\\/\",\"url\":\"https:\\\/\\\/camera-austria.at\\\/en\\\/product\\\/28-1988\\\/\",\"name\":\"28 | 1988 - Camera Austria\",\"isPartOf\":{\"@id\":\"https:\\\/\\\/camera-austria.at\\\/en\\\/#website\"},\"primaryImageOfPage\":{\"@id\":\"https:\\\/\\\/camera-austria.at\\\/en\\\/product\\\/28-1988\\\/#primaryimage\"},\"image\":{\"@id\":\"https:\\\/\\\/camera-austria.at\\\/en\\\/product\\\/28-1988\\\/#primaryimage\"},\"thumbnailUrl\":\"https:\\\/\\\/camera-austria.at\\\/wp-content\\\/uploads\\\/1988\\\/12\\\/ca_zeitschrift_cover_28.jpg\",\"datePublished\":\"1988-12-01T10:18:06+00:00\",\"breadcrumb\":{\"@id\":\"https:\\\/\\\/camera-austria.at\\\/en\\\/product\\\/28-1988\\\/#breadcrumb\"},\"inLanguage\":\"en-US\",\"potentialAction\":[{\"@type\":\"ReadAction\",\"target\":[\"https:\\\/\\\/camera-austria.at\\\/en\\\/product\\\/28-1988\\\/\"]}]},{\"@type\":\"ImageObject\",\"inLanguage\":\"en-US\",\"@id\":\"https:\\\/\\\/camera-austria.at\\\/en\\\/product\\\/28-1988\\\/#primaryimage\",\"url\":\"https:\\\/\\\/camera-austria.at\\\/wp-content\\\/uploads\\\/1988\\\/12\\\/ca_zeitschrift_cover_28.jpg\",\"contentUrl\":\"https:\\\/\\\/camera-austria.at\\\/wp-content\\\/uploads\\\/1988\\\/12\\\/ca_zeitschrift_cover_28.jpg\",\"width\":345,\"height\":491},{\"@type\":\"BreadcrumbList\",\"@id\":\"https:\\\/\\\/camera-austria.at\\\/en\\\/product\\\/28-1988\\\/#breadcrumb\",\"itemListElement\":[{\"@type\":\"ListItem\",\"position\":1,\"name\":\"Home\",\"item\":\"https:\\\/\\\/camera-austria.at\\\/en\\\/\"},{\"@type\":\"ListItem\",\"position\":2,\"name\":\"Camera Austria Shop\",\"item\":\"https:\\\/\\\/camera-austria.at\\\/en\\\/shop\\\/\"},{\"@type\":\"ListItem\",\"position\":3,\"name\":\"28 | 1988\"}]},{\"@type\":\"WebSite\",\"@id\":\"https:\\\/\\\/camera-austria.at\\\/en\\\/#website\",\"url\":\"https:\\\/\\\/camera-austria.at\\\/en\\\/\",\"name\":\"Camera Austria\",\"description\":\"\",\"publisher\":{\"@id\":\"https:\\\/\\\/camera-austria.at\\\/en\\\/#organization\"},\"potentialAction\":[{\"@type\":\"SearchAction\",\"target\":{\"@type\":\"EntryPoint\",\"urlTemplate\":\"https:\\\/\\\/camera-austria.at\\\/en\\\/?s={search_term_string}\"},\"query-input\":{\"@type\":\"PropertyValueSpecification\",\"valueRequired\":true,\"valueName\":\"search_term_string\"}}],\"inLanguage\":\"en-US\"},{\"@type\":\"Organization\",\"@id\":\"https:\\\/\\\/camera-austria.at\\\/en\\\/#organization\",\"name\":\"Camera Austria\",\"url\":\"https:\\\/\\\/camera-austria.at\\\/en\\\/\",\"logo\":{\"@type\":\"ImageObject\",\"inLanguage\":\"en-US\",\"@id\":\"https:\\\/\\\/camera-austria.at\\\/en\\\/#\\\/schema\\\/logo\\\/image\\\/\",\"url\":\"https:\\\/\\\/camera-austria.at\\\/wp-content\\\/uploads\\\/2022\\\/02\\\/logo.png\",\"contentUrl\":\"https:\\\/\\\/camera-austria.at\\\/wp-content\\\/uploads\\\/2022\\\/02\\\/logo.png\",\"width\":399,\"height\":59,\"caption\":\"Camera Austria\"},\"image\":{\"@id\":\"https:\\\/\\\/camera-austria.at\\\/en\\\/#\\\/schema\\\/logo\\\/image\\\/\"},\"sameAs\":[\"https:\\\/\\\/www.facebook.com\\\/Camera.Austria\",\"https:\\\/\\\/www.instagram.com\\\/cameraaustriagraz\\\/\"]}]}<\/script>\n<!-- \/ Yoast SEO plugin. -->","yoast_head_json":{"title":"28 | 1988 - Camera Austria","robots":{"index":"index","follow":"follow","max-snippet":"max-snippet:-1","max-image-preview":"max-image-preview:large","max-video-preview":"max-video-preview:-1"},"canonical":"https:\/\/camera-austria.at\/en\/product\/28-1988\/","og_locale":"en_US","og_type":"article","og_title":"28 | 1988 - Camera Austria","og_description":"CHRISTIAN FLECK Steirische Industriewelt  EISENERZ Michael Schmidt, Ingrid Roschen, Monika Fuchs, Karl Redschitzegger, Heinz Roschen, Erich Riedler, Helmut Brandtner, Erich Schuh  JUDENBURG Wilmar Koenig, Karl Cebul, Reinhold Kainbrecht, Rudolf Guse, Traugott Hofer  KAPFENBERG Seiichi Furuya, Barbara Koren, Manfred Ofner jr., Helmut Schweiger, Michael Heimerl  KINDBERG Gosbert Adler, Friedrich Damberger, Johann Lackner, Franz Mock, Karl Pichler  K\u00d6FLACH Heinz Cibulka, Johanna Koren, Ruth Ulcar, Willibald Kutschi, Armin Egger, Carolin Zech, Robert Cescutti, Gerhard Pelko  LEOBEN Manfred Willmann, Leo Stocker, Franz Gigerl, Karl Pierer, Hermann Maier, Teddy Wildbichler, Peter Lahovnik  M\u00dcRZZUSCHLAG Christian Wachter, Wilhelm Eberle \/ Silvia Springer, Gerhard Pfusterschmied  VORDERNBERG Ursula W\u00fcst, Hans J\u00f6rg Bernhart, Johann Weigl, Dieter Sporer, Luise R\u00fcter  WEIZ Richard Kratochwill, Hermann Candussi, Albin Schrey, Josef Derler, Anton Konrad, Lotte Guttmann, Walter Supper, Franz Hausleitner, Franz Sattler  &nbsp;","og_url":"https:\/\/camera-austria.at\/en\/product\/28-1988\/","og_site_name":"Camera Austria","article_publisher":"https:\/\/www.facebook.com\/Camera.Austria","og_image":[{"width":345,"height":491,"url":"https:\/\/camera-austria.at\/wp-content\/uploads\/1988\/12\/ca_zeitschrift_cover_28.jpg","type":"image\/jpeg"}],"twitter_card":"summary_large_image","schema":{"@context":"https:\/\/schema.org","@graph":[{"@type":"WebPage","@id":"https:\/\/camera-austria.at\/en\/product\/28-1988\/","url":"https:\/\/camera-austria.at\/en\/product\/28-1988\/","name":"28 | 1988 - Camera Austria","isPartOf":{"@id":"https:\/\/camera-austria.at\/en\/#website"},"primaryImageOfPage":{"@id":"https:\/\/camera-austria.at\/en\/product\/28-1988\/#primaryimage"},"image":{"@id":"https:\/\/camera-austria.at\/en\/product\/28-1988\/#primaryimage"},"thumbnailUrl":"https:\/\/camera-austria.at\/wp-content\/uploads\/1988\/12\/ca_zeitschrift_cover_28.jpg","datePublished":"1988-12-01T10:18:06+00:00","breadcrumb":{"@id":"https:\/\/camera-austria.at\/en\/product\/28-1988\/#breadcrumb"},"inLanguage":"en-US","potentialAction":[{"@type":"ReadAction","target":["https:\/\/camera-austria.at\/en\/product\/28-1988\/"]}]},{"@type":"ImageObject","inLanguage":"en-US","@id":"https:\/\/camera-austria.at\/en\/product\/28-1988\/#primaryimage","url":"https:\/\/camera-austria.at\/wp-content\/uploads\/1988\/12\/ca_zeitschrift_cover_28.jpg","contentUrl":"https:\/\/camera-austria.at\/wp-content\/uploads\/1988\/12\/ca_zeitschrift_cover_28.jpg","width":345,"height":491},{"@type":"BreadcrumbList","@id":"https:\/\/camera-austria.at\/en\/product\/28-1988\/#breadcrumb","itemListElement":[{"@type":"ListItem","position":1,"name":"Home","item":"https:\/\/camera-austria.at\/en\/"},{"@type":"ListItem","position":2,"name":"Camera Austria Shop","item":"https:\/\/camera-austria.at\/en\/shop\/"},{"@type":"ListItem","position":3,"name":"28 | 1988"}]},{"@type":"WebSite","@id":"https:\/\/camera-austria.at\/en\/#website","url":"https:\/\/camera-austria.at\/en\/","name":"Camera Austria","description":"","publisher":{"@id":"https:\/\/camera-austria.at\/en\/#organization"},"potentialAction":[{"@type":"SearchAction","target":{"@type":"EntryPoint","urlTemplate":"https:\/\/camera-austria.at\/en\/?s={search_term_string}"},"query-input":{"@type":"PropertyValueSpecification","valueRequired":true,"valueName":"search_term_string"}}],"inLanguage":"en-US"},{"@type":"Organization","@id":"https:\/\/camera-austria.at\/en\/#organization","name":"Camera Austria","url":"https:\/\/camera-austria.at\/en\/","logo":{"@type":"ImageObject","inLanguage":"en-US","@id":"https:\/\/camera-austria.at\/en\/#\/schema\/logo\/image\/","url":"https:\/\/camera-austria.at\/wp-content\/uploads\/2022\/02\/logo.png","contentUrl":"https:\/\/camera-austria.at\/wp-content\/uploads\/2022\/02\/logo.png","width":399,"height":59,"caption":"Camera Austria"},"image":{"@id":"https:\/\/camera-austria.at\/en\/#\/schema\/logo\/image\/"},"sameAs":["https:\/\/www.facebook.com\/Camera.Austria","https:\/\/www.instagram.com\/cameraaustriagraz\/"]}]}},"_links":{"self":[{"href":"https:\/\/camera-austria.at\/en\/wp-json\/wp\/v2\/product\/29311","targetHints":{"allow":["GET"]}}],"collection":[{"href":"https:\/\/camera-austria.at\/en\/wp-json\/wp\/v2\/product"}],"about":[{"href":"https:\/\/camera-austria.at\/en\/wp-json\/wp\/v2\/types\/product"}],"replies":[{"embeddable":true,"href":"https:\/\/camera-austria.at\/en\/wp-json\/wp\/v2\/comments?post=29311"}],"wp:featuredmedia":[{"embeddable":true,"href":"https:\/\/camera-austria.at\/en\/wp-json\/wp\/v2\/media\/27525"}],"wp:attachment":[{"href":"https:\/\/camera-austria.at\/en\/wp-json\/wp\/v2\/media?parent=29311"}],"wp:term":[{"taxonomy":"product_brand","embeddable":true,"href":"https:\/\/camera-austria.at\/en\/wp-json\/wp\/v2\/product_brand?post=29311"},{"taxonomy":"product_cat","embeddable":true,"href":"https:\/\/camera-austria.at\/en\/wp-json\/wp\/v2\/product_cat?post=29311"},{"taxonomy":"product_tag","embeddable":true,"href":"https:\/\/camera-austria.at\/en\/wp-json\/wp\/v2\/product_tag?post=29311"}],"curies":[{"name":"wp","href":"https:\/\/api.w.org\/{rel}","templated":true}]}}